{"id":1941,"date":"2021-03-01T09:49:17","date_gmt":"2021-03-01T08:49:17","guid":{"rendered":"https:\/\/www.metzavelo.fr\/?page_id=1941"},"modified":"2025-09-14T17:15:57","modified_gmt":"2025-09-14T15:15:57","slug":"equipe","status":"publish","type":"page","link":"https:\/\/www.metzavelo.fr\/?page_id=1941","title":{"rendered":"L&rsquo;\u00e9quipe de l&rsquo;Atelier Participatif"},"content":{"rendered":"\n<p>A la Maison du V\u00e9lo de l&rsquo;association Metz \u00e0 V\u00e9lo, l&rsquo;atelier participatif est bien plus qu&rsquo;un simple espace de r\u00e9paration : c&rsquo;est un lieu d&rsquo;\u00e9change, d&rsquo;apprentissage et de solidarit\u00e9 autour du v\u00e9lo. <\/p>\n\n\n\n<p>Une \u00e9quipe engag\u00e9e et passionn\u00e9e vous accueille :<br><\/p>\n\n\n\n<p><\/p>\n\n\n\n<figure class=\"wp-block-image size-large\"><img fetchpriority=\"high\" decoding=\"async\" width=\"768\" height=\"1024\" src=\"https:\/\/www.metzavelo.fr\/wp-content\/uploads\/2025\/09\/IMG_0803-768x1024.webp\" alt=\"\" class=\"wp-image-4850\" srcset=\"https:\/\/www.metzavelo.fr\/wp-content\/uploads\/2025\/09\/IMG_0803-768x1024.webp 768w, https:\/\/www.metzavelo.fr\/wp-content\/uploads\/2025\/09\/IMG_0803-225x300.webp 225w, https:\/\/www.metzavelo.fr\/wp-content\/uploads\/2025\/09\/IMG_0803-1152x1536.webp 1152w, https:\/\/www.metzavelo.fr\/wp-content\/uploads\/2025\/09\/IMG_0803-scaled.webp 1440w\" sizes=\"(max-width: 768px) 100vw, 768px\" \/><\/figure>\n\n\n\n<p><br><strong>Arnaud<\/strong>, chef d&rsquo;atelier <\/p>\n\n\n\n<p><strong>\u00c9tienne<\/strong>, m\u00e9canicien cycles mal voyant<br><strong>Timoth\u00e9e<\/strong>, apprenti m\u00e9canicien cycles  <\/p>\n\n\n\n<p><strong>Enerson<\/strong>, en service civique<\/p>\n\n\n\n<p><strong>Mais ici, le-la m\u00e9canicien-ne, c&rsquo;est vous !<\/strong> En tant qu&rsquo;adh\u00e9rent-e, vous r\u00e9parez votre v\u00e9lo vous-m\u00eame, avec les outils \u00e0 disposition, guid\u00e9 par l&rsquo;\u00e9quipe. Ils sont l\u00e0 pour vous accompagner dans les r\u00e9parations, vous former aux bons gestes et vous rendre autonome.<br>Leur objectif commun : favoriser l&rsquo;usage du v\u00e9lo dans la m\u00e9tropole et rendre la m\u00e9canique accessible \u00e0 tous et \u00e0 toutes !<\/p>\n\n\n\n<p><br><br><strong>A la Velo-Ecole<\/strong><br>La v\u00e9lo-\u00e9cole, c&rsquo;est apprendre \u00e0 faire du v\u00e9lo \u00e0 tout \u00e2ge, en toute s\u00e9curit\u00e9 !<\/p>\n\n\n\n<p><strong>Julien<\/strong>, animateur et encadrant accompagne les enfants dans les \u00e9coles, mais aussi les adultes, que ce soit pour d\u00e9buter, se perfectionner ou reprendre confiance.<br>Gr\u00e2ce \u00e0 la v\u00e9lo-\u00e9cole, Metz \u00e0 V\u00e9lo agit concr\u00e8tement pour une ville plus cyclable.<\/p>\n\n\n\n<p><\/p>\n","protected":false},"excerpt":{"rendered":"<p>A la Maison du V\u00e9lo de l&rsquo;association Metz \u00e0 V\u00e9lo, l&rsquo;atelier participatif est bien plus qu&rsquo;un simple espace de r\u00e9paration : c&rsquo;est un lieu d&rsquo;\u00e9change, d&rsquo;apprentissage et de solidarit\u00e9 autour du v\u00e9lo. Une \u00e9quipe engag\u00e9e et passionn\u00e9e vous accueille : Arnaud, chef d&rsquo;atelier \u00c9tienne, m\u00e9canicien cycles mal voyantTimoth\u00e9e, apprenti m\u00e9canicien cycles Enerson, en service civique [&hellip;]<\/p>\n","protected":false},"author":4,"featured_media":1942,"parent":0,"menu_order":0,"comment_status":"closed","ping_status":"closed","template":"","meta":{"footnotes":""},"class_list":["post-1941","page","type-page","status-publish","has-post-thumbnail","hentry"],"_links":{"self":[{"href":"https:\/\/www.metzavelo.fr\/index.php?rest_route=\/wp\/v2\/pages\/1941","targetHints":{"allow":["GET"]}}],"collection":[{"href":"https:\/\/www.metzavelo.fr\/index.php?rest_route=\/wp\/v2\/pages"}],"about":[{"href":"https:\/\/www.metzavelo.fr\/index.php?rest_route=\/wp\/v2\/types\/page"}],"author":[{"embeddable":true,"href":"https:\/\/www.metzavelo.fr\/index.php?rest_route=\/wp\/v2\/users\/4"}],"replies":[{"embeddable":true,"href":"https:\/\/www.metzavelo.fr\/index.php?rest_route=%2Fwp%2Fv2%2Fcomments&post=1941"}],"version-history":[{"count":6,"href":"https:\/\/www.metzavelo.fr\/index.php?rest_route=\/wp\/v2\/pages\/1941\/revisions"}],"predecessor-version":[{"id":4855,"href":"https:\/\/www.metzavelo.fr\/index.php?rest_route=\/wp\/v2\/pages\/1941\/revisions\/4855"}],"wp:featuredmedia":[{"embeddable":true,"href":"https:\/\/www.metzavelo.fr\/index.php?rest_route=\/wp\/v2\/media\/1942"}],"wp:attachment":[{"href":"https:\/\/www.metzavelo.fr\/index.php?rest_route=%2Fwp%2Fv2%2Fmedia&parent=1941"}],"curies":[{"name":"wp","href":"https:\/\/api.w.org\/{rel}","templated":true}]}}