{"id":1067,"date":"2020-06-15T10:13:25","date_gmt":"2020-06-15T08:13:25","guid":{"rendered":"https:\/\/www.metzavelo.fr\/?page_id=1067"},"modified":"2026-04-17T15:56:47","modified_gmt":"2026-04-17T13:56:47","slug":"actualites","status":"publish","type":"page","link":"https:\/\/www.metzavelo.fr\/?page_id=1067","title":{"rendered":"Actualit\u00e9s"},"content":{"rendered":"\t\t<div data-elementor-type=\"wp-page\" data-elementor-id=\"1067\" class=\"elementor elementor-1067\" data-elementor-post-type=\"page\">\n\t\t\t\t\t\t<section class=\"elementor-section elementor-top-section elementor-element elementor-element-ede8292 elementor-section-boxed elementor-section-height-default elementor-section-height-default\" data-id=\"ede8292\" data-element_type=\"section\" data-e-type=\"section\">\n\t\t\t\t\t\t<div class=\"elementor-container elementor-column-gap-default\">\n\t\t\t\t\t<div class=\"elementor-column elementor-col-50 elementor-top-column elementor-element elementor-element-cd495d5\" data-id=\"cd495d5\" data-element_type=\"column\" data-e-type=\"column\">\n\t\t\t<div class=\"elementor-widget-wrap elementor-element-populated\">\n\t\t\t\t\t\t<div class=\"elementor-element elementor-element-9637e34 elementor-grid-2 elementor-grid-tablet-2 elementor-grid-mobile-1 elementor-posts--thumbnail-top elementor-posts--show-avatar elementor-card-shadow-yes elementor-posts__hover-gradient elementor-widget elementor-widget-posts\" data-id=\"9637e34\" data-element_type=\"widget\" data-e-type=\"widget\" data-settings=\"{&quot;cards_columns&quot;:&quot;2&quot;,&quot;pagination_type&quot;:&quot;numbers_and_prev_next&quot;,&quot;cards_columns_tablet&quot;:&quot;2&quot;,&quot;cards_columns_mobile&quot;:&quot;1&quot;,&quot;cards_row_gap&quot;:{&quot;unit&quot;:&quot;px&quot;,&quot;size&quot;:35,&quot;sizes&quot;:[]},&quot;cards_row_gap_tablet&quot;:{&quot;unit&quot;:&quot;px&quot;,&quot;size&quot;:&quot;&quot;,&quot;sizes&quot;:[]},&quot;cards_row_gap_mobile&quot;:{&quot;unit&quot;:&quot;px&quot;,&quot;size&quot;:&quot;&quot;,&quot;sizes&quot;:[]}}\" data-widget_type=\"posts.cards\">\n\t\t\t\t<div class=\"elementor-widget-container\">\n\t\t\t\t\t\t\t<div class=\"elementor-posts-container elementor-posts elementor-posts--skin-cards elementor-grid\" role=\"list\">\n\t\t\t\t<article class=\"elementor-post elementor-grid-item post-5503 post type-post status-publish format-standard has-post-thumbnail hentry category-agenda\" role=\"listitem\">\n\t\t\t<div class=\"elementor-post__card\">\n\t\t\t\t<a class=\"elementor-post__thumbnail__link\" href=\"https:\/\/www.metzavelo.fr\/?p=5503\" tabindex=\"-1\"><div class=\"elementor-post__thumbnail\"><img fetchpriority=\"high\" decoding=\"async\" width=\"233\" height=\"300\" src=\"https:\/\/www.metzavelo.fr\/wp-content\/uploads\/2026\/03\/maillons2-233x300.jpg\" class=\"attachment-medium size-medium wp-image-5508\" alt=\"\" srcset=\"https:\/\/www.metzavelo.fr\/wp-content\/uploads\/2026\/03\/maillons2-233x300.jpg 233w, https:\/\/www.metzavelo.fr\/wp-content\/uploads\/2026\/03\/maillons2.jpg 629w\" sizes=\"(max-width: 233px) 100vw, 233px\" \/><\/div><\/a>\n\t\t\t\t<div class=\"elementor-post__badge\">agenda<\/div>\n\t\t\t\t<div class=\"elementor-post__avatar\">\n\t\t\t<img alt='Isabelle' src='https:\/\/secure.gravatar.com\/avatar\/110b333de6f57c48c72b7fc6fd4f416c9ebe237300cfa7dae9b972111dea2ddc?s=128&#038;d=mm&#038;r=g' srcset='https:\/\/secure.gravatar.com\/avatar\/110b333de6f57c48c72b7fc6fd4f416c9ebe237300cfa7dae9b972111dea2ddc?s=256&#038;d=mm&#038;r=g 2x' class='avatar avatar-128 photo' height='128' width='128' \/>\t\t<\/div>\n\t\t\t\t<div class=\"elementor-post__text\">\n\t\t\t\t<h3 class=\"elementor-post__title\">\n\t\t\t<a href=\"https:\/\/www.metzavelo.fr\/?p=5503\">\n\t\t\t\tLes P&rsquo;tits Maillons\t\t\t<\/a>\n\t\t<\/h3>\n\t\t\t\t<div class=\"elementor-post__excerpt\">\n\t\t\t<p>Stages m\u00e9caniques et sorties v\u00e9lo<br \/> Pour les enfants de 8 \u00e0 12 ans<br \/> Dates : du 13 au 17 avril 2026 ou du 20 au 24 avril 2026.<br \/> Sur inscription<\/p>\t\t<\/div>\n\t\t\n\t\t<a class=\"elementor-post__read-more\" href=\"https:\/\/www.metzavelo.fr\/?p=5503\" aria-label=\"En savoir plus sur Les P&rsquo;tits Maillons\" tabindex=\"-1\">\n\t\t\tLire la suite \u00bb\t\t<\/a>\n\n\t\t\t\t<\/div>\n\t\t\t\t<div class=\"elementor-post__meta-data\">\n\t\t\t\t\t<span class=\"elementor-post-date\">\n\t\t\t30\/03\/2026\t\t<\/span>\n\t\t\t\t<span class=\"elementor-post-avatar\">\n\t\t\tAucun commentaire\t\t<\/span>\n\t\t\t\t<\/div>\n\t\t\t\t\t<\/div>\n\t\t<\/article>\n\t\t\t\t<article class=\"elementor-post elementor-grid-item post-5494 post type-post status-publish format-standard has-post-thumbnail hentry category-velo-a-metz\" role=\"listitem\">\n\t\t\t<div class=\"elementor-post__card\">\n\t\t\t\t<a class=\"elementor-post__thumbnail__link\" href=\"https:\/\/www.metzavelo.fr\/?p=5494\" tabindex=\"-1\"><div class=\"elementor-post__thumbnail\"><img decoding=\"async\" width=\"212\" height=\"300\" src=\"https:\/\/www.metzavelo.fr\/wp-content\/uploads\/2026\/03\/Affiche-Initiation-Meuse-A41-212x300.jpg\" class=\"attachment-medium size-medium wp-image-5495\" alt=\"\" srcset=\"https:\/\/www.metzavelo.fr\/wp-content\/uploads\/2026\/03\/Affiche-Initiation-Meuse-A41-212x300.jpg 212w, https:\/\/www.metzavelo.fr\/wp-content\/uploads\/2026\/03\/Affiche-Initiation-Meuse-A41-724x1024.jpg 724w, https:\/\/www.metzavelo.fr\/wp-content\/uploads\/2026\/03\/Affiche-Initiation-Meuse-A41-768x1086.jpg 768w, https:\/\/www.metzavelo.fr\/wp-content\/uploads\/2026\/03\/Affiche-Initiation-Meuse-A41-1086x1536.jpg 1086w, https:\/\/www.metzavelo.fr\/wp-content\/uploads\/2026\/03\/Affiche-Initiation-Meuse-A41.jpg 1414w\" sizes=\"(max-width: 212px) 100vw, 212px\" \/><\/div><\/a>\n\t\t\t\t<div class=\"elementor-post__badge\">V\u00e9lo \u00e0 Metz<\/div>\n\t\t\t\t<div class=\"elementor-post__avatar\">\n\t\t\t<img alt='arnaud' src='https:\/\/secure.gravatar.com\/avatar\/00887aac98b9bd47df982f978805e8e797189f02bcae72c383bd32d25378510c?s=128&#038;d=mm&#038;r=g' srcset='https:\/\/secure.gravatar.com\/avatar\/00887aac98b9bd47df982f978805e8e797189f02bcae72c383bd32d25378510c?s=256&#038;d=mm&#038;r=g 2x' class='avatar avatar-128 photo' height='128' width='128' \/>\t\t<\/div>\n\t\t\t\t<div class=\"elementor-post__text\">\n\t\t\t\t<h3 class=\"elementor-post__title\">\n\t\t\t<a href=\"https:\/\/www.metzavelo.fr\/?p=5494\">\n\t\t\t\tInitiation voyage \u00e0 v\u00e9lo\t\t\t<\/a>\n\t\t<\/h3>\n\t\t\t\t<div class=\"elementor-post__excerpt\">\n\t\t\t<p>INITIATION AU VOYAGE A VELO: LA MEUSE \u00c0 VELO Voyageurs\u2022euses,\u00a0Metz \u00e0 v\u00e9lo vous pr\u00e9pare \u00e0 nouveau une initiation au voyage \u00e0 v\u00e9lo sur 4 jours d&rsquo;itin\u00e9rance. Un petit go\u00fbt d&rsquo;aventure, de libert\u00e9 et de d\u00e9couverte&#8230;\u00a0Au d\u00e9part de Metz. 253km les<\/p>\n\t\t<\/div>\n\t\t\n\t\t<a class=\"elementor-post__read-more\" href=\"https:\/\/www.metzavelo.fr\/?p=5494\" aria-label=\"En savoir plus sur Initiation voyage \u00e0 v\u00e9lo\" tabindex=\"-1\">\n\t\t\tLire la suite \u00bb\t\t<\/a>\n\n\t\t\t\t<\/div>\n\t\t\t\t<div class=\"elementor-post__meta-data\">\n\t\t\t\t\t<span class=\"elementor-post-date\">\n\t\t\t23\/03\/2026\t\t<\/span>\n\t\t\t\t<span class=\"elementor-post-avatar\">\n\t\t\tAucun commentaire\t\t<\/span>\n\t\t\t\t<\/div>\n\t\t\t\t\t<\/div>\n\t\t<\/article>\n\t\t\t\t<article class=\"elementor-post elementor-grid-item post-5485 post type-post status-publish format-standard has-post-thumbnail hentry category-balades category-maison-du-velo\" role=\"listitem\">\n\t\t\t<div class=\"elementor-post__card\">\n\t\t\t\t<a class=\"elementor-post__thumbnail__link\" href=\"https:\/\/www.metzavelo.fr\/?p=5485\" tabindex=\"-1\"><div class=\"elementor-post__thumbnail\"><img decoding=\"async\" width=\"300\" height=\"200\" src=\"https:\/\/www.metzavelo.fr\/wp-content\/uploads\/2025\/10\/Nouvelle-piste-cyclable-ancienne-voie-ferree-300x200.jpg\" class=\"attachment-medium size-medium wp-image-4877\" alt=\"Balade Familiale \u00e0 v\u00e9los autour de la Seille dimanche 19 octobre 2025\" srcset=\"https:\/\/www.metzavelo.fr\/wp-content\/uploads\/2025\/10\/Nouvelle-piste-cyclable-ancienne-voie-ferree-300x200.jpg 300w, https:\/\/www.metzavelo.fr\/wp-content\/uploads\/2025\/10\/Nouvelle-piste-cyclable-ancienne-voie-ferree-1024x683.jpg 1024w, https:\/\/www.metzavelo.fr\/wp-content\/uploads\/2025\/10\/Nouvelle-piste-cyclable-ancienne-voie-ferree-768x512.jpg 768w, https:\/\/www.metzavelo.fr\/wp-content\/uploads\/2025\/10\/Nouvelle-piste-cyclable-ancienne-voie-ferree-1536x1024.jpg 1536w, https:\/\/www.metzavelo.fr\/wp-content\/uploads\/2025\/10\/Nouvelle-piste-cyclable-ancienne-voie-ferree-2048x1366.jpg 2048w, https:\/\/www.metzavelo.fr\/wp-content\/uploads\/2025\/10\/Nouvelle-piste-cyclable-ancienne-voie-ferree-750x500.jpg 750w\" sizes=\"(max-width: 300px) 100vw, 300px\" \/><\/div><\/a>\n\t\t\t\t<div class=\"elementor-post__badge\">Balades<\/div>\n\t\t\t\t<div class=\"elementor-post__avatar\">\n\t\t\t<img alt='edmond' src='https:\/\/secure.gravatar.com\/avatar\/6f08cc371ca7c08a32aa06522510b7ab352c0b1de6b25e4fcae26e65610dd202?s=128&#038;d=mm&#038;r=g' srcset='https:\/\/secure.gravatar.com\/avatar\/6f08cc371ca7c08a32aa06522510b7ab352c0b1de6b25e4fcae26e65610dd202?s=256&#038;d=mm&#038;r=g 2x' class='avatar avatar-128 photo' height='128' width='128' \/>\t\t<\/div>\n\t\t\t\t<div class=\"elementor-post__text\">\n\t\t\t\t<h3 class=\"elementor-post__title\">\n\t\t\t<a href=\"https:\/\/www.metzavelo.fr\/?p=5485\">\n\t\t\t\tBalade Familiale \u00e0 v\u00e9lo autour de la Seille dimanche 5 avril 2026\t\t\t<\/a>\n\t\t<\/h3>\n\t\t\t\t<div class=\"elementor-post__excerpt\">\n\t\t\t<p>Cher(e)s Ami(e)s cyclistes,<\/p> <p>Dimanche 5 avril 2026, Metz \u00e0 V\u00e9lo vous propose une balade familiale autour de la Seille, afin de d\u00e9couvrir la nouvelle voie verte de l&rsquo;ancienne voie ferr\u00e9e Pournoy-la-Ch\u00e9tive &#8211; Ch\u00e2teau-Salins ainsi que la voie verte Pouilly &#8211;\t\t<\/p><\/div>\n\t\t\n\t\t<a class=\"elementor-post__read-more\" href=\"https:\/\/www.metzavelo.fr\/?p=5485\" aria-label=\"En savoir plus sur Balade Familiale \u00e0 v\u00e9lo autour de la Seille dimanche 5 avril 2026\" tabindex=\"-1\">\n\t\t\tLire la suite \u00bb\t\t<\/a>\n\n\t\t\t\t<\/div>\n\t\t\t\t<div class=\"elementor-post__meta-data\">\n\t\t\t\t\t<span class=\"elementor-post-date\">\n\t\t\t22\/03\/2026\t\t<\/span>\n\t\t\t\t<span class=\"elementor-post-avatar\">\n\t\t\tAucun commentaire\t\t<\/span>\n\t\t\t\t<\/div>\n\t\t\t\t\t<\/div>\n\t\t<\/article>\n\t\t\t\t<article class=\"elementor-post elementor-grid-item post-5434 post type-post status-publish format-standard has-post-thumbnail hentry category-non-classe\" role=\"listitem\">\n\t\t\t<div class=\"elementor-post__card\">\n\t\t\t\t<a class=\"elementor-post__thumbnail__link\" href=\"https:\/\/www.metzavelo.fr\/?p=5434\" tabindex=\"-1\"><div class=\"elementor-post__thumbnail\"><img loading=\"lazy\" decoding=\"async\" width=\"300\" height=\"136\" src=\"https:\/\/www.metzavelo.fr\/wp-content\/uploads\/2026\/03\/site_actu_880x400-300x136.png\" class=\"attachment-medium size-medium wp-image-5436\" alt=\"\" srcset=\"https:\/\/www.metzavelo.fr\/wp-content\/uploads\/2026\/03\/site_actu_880x400-300x136.png 300w, https:\/\/www.metzavelo.fr\/wp-content\/uploads\/2026\/03\/site_actu_880x400-768x349.png 768w, https:\/\/www.metzavelo.fr\/wp-content\/uploads\/2026\/03\/site_actu_880x400.png 880w\" sizes=\"(max-width: 300px) 100vw, 300px\" \/><\/div><\/a>\n\t\t\t\t<div class=\"elementor-post__badge\">Non class\u00e9<\/div>\n\t\t\t\t<div class=\"elementor-post__avatar\">\n\t\t\t<img alt='Herv\u00e9 RIBON' src='https:\/\/secure.gravatar.com\/avatar\/092e810745213eb06fb70fe17b21462cbd6e5b99f76b3f4372f511aa20b06259?s=128&#038;d=mm&#038;r=g' srcset='https:\/\/secure.gravatar.com\/avatar\/092e810745213eb06fb70fe17b21462cbd6e5b99f76b3f4372f511aa20b06259?s=256&#038;d=mm&#038;r=g 2x' class='avatar avatar-128 photo' height='128' width='128' \/>\t\t<\/div>\n\t\t\t\t<div class=\"elementor-post__text\">\n\t\t\t\t<h3 class=\"elementor-post__title\">\n\t\t\t<a href=\"https:\/\/www.metzavelo.fr\/?p=5434\">\n\t\t\t\tJouez la carte du v\u00e9lo !\t\t\t<\/a>\n\t\t<\/h3>\n\t\t\t\t<div class=\"elementor-post__excerpt\">\n\t\t\t<p>C&rsquo;est maintenant \u00e0 vous de choisir. Votre choix aura un impact sur les am\u00e9nagements en faveur des pi\u00e9tons et des cyclistes et donc sur les modes de d\u00e9placement de demain sur notre m\u00e9tropole. \u00a0 De plus, de ces choix politiques<\/p>\n\t\t<\/div>\n\t\t\n\t\t<a class=\"elementor-post__read-more\" href=\"https:\/\/www.metzavelo.fr\/?p=5434\" aria-label=\"En savoir plus sur Jouez la carte du v\u00e9lo !\" tabindex=\"-1\">\n\t\t\tLire la suite \u00bb\t\t<\/a>\n\n\t\t\t\t<\/div>\n\t\t\t\t<div class=\"elementor-post__meta-data\">\n\t\t\t\t\t<span class=\"elementor-post-date\">\n\t\t\t13\/03\/2026\t\t<\/span>\n\t\t\t\t<span class=\"elementor-post-avatar\">\n\t\t\tAucun commentaire\t\t<\/span>\n\t\t\t\t<\/div>\n\t\t\t\t\t<\/div>\n\t\t<\/article>\n\t\t\t\t<article class=\"elementor-post elementor-grid-item post-5401 post type-post status-publish format-standard has-post-thumbnail hentry category-balades category-maison-du-velo\" role=\"listitem\">\n\t\t\t<div class=\"elementor-post__card\">\n\t\t\t\t<a class=\"elementor-post__thumbnail__link\" href=\"https:\/\/www.metzavelo.fr\/?p=5401\" tabindex=\"-1\"><div class=\"elementor-post__thumbnail\"><img loading=\"lazy\" decoding=\"async\" width=\"300\" height=\"224\" src=\"https:\/\/www.metzavelo.fr\/wp-content\/uploads\/2026\/02\/Porte-des-Allemands.hash_.13f2ba28f93b6a85486b18d5812442cd-300x224.jpg\" class=\"attachment-medium size-medium wp-image-5402\" alt=\"\" srcset=\"https:\/\/www.metzavelo.fr\/wp-content\/uploads\/2026\/02\/Porte-des-Allemands.hash_.13f2ba28f93b6a85486b18d5812442cd-300x224.jpg 300w, https:\/\/www.metzavelo.fr\/wp-content\/uploads\/2026\/02\/Porte-des-Allemands.hash_.13f2ba28f93b6a85486b18d5812442cd.jpg 499w\" sizes=\"(max-width: 300px) 100vw, 300px\" \/><\/div><\/a>\n\t\t\t\t<div class=\"elementor-post__badge\">Balades<\/div>\n\t\t\t\t<div class=\"elementor-post__avatar\">\n\t\t\t<img alt='edmond' src='https:\/\/secure.gravatar.com\/avatar\/6f08cc371ca7c08a32aa06522510b7ab352c0b1de6b25e4fcae26e65610dd202?s=128&#038;d=mm&#038;r=g' srcset='https:\/\/secure.gravatar.com\/avatar\/6f08cc371ca7c08a32aa06522510b7ab352c0b1de6b25e4fcae26e65610dd202?s=256&#038;d=mm&#038;r=g 2x' class='avatar avatar-128 photo' height='128' width='128' \/>\t\t<\/div>\n\t\t\t\t<div class=\"elementor-post__text\">\n\t\t\t\t<h3 class=\"elementor-post__title\">\n\t\t\t<a href=\"https:\/\/www.metzavelo.fr\/?p=5401\">\n\t\t\t\tBalade d\u00e9couverte du patrimoine messin  \u00e0 v\u00e9lo par les pistes cyclables dimanche 8 mars 2026\t\t\t<\/a>\n\t\t<\/h3>\n\t\t\t\t<div class=\"elementor-post__excerpt\">\n\t\t\t<p>Cher(e)s Ami(e)s cyclistes,<\/p> <p>Dimanche 8 mars 2026, Metz \u00e0 V\u00e9lo vous propose une balade d\u00e9couverte du patrimoine messin \u00e0 v\u00e9lo par les pistes cyclables de 11,7 kms sans difficult\u00e9 pour d\u00e9couvrir les principaux monuments de la Ville de Metz.<\/p> <p>13h45\t\t<\/p><\/div>\n\t\t\n\t\t<a class=\"elementor-post__read-more\" href=\"https:\/\/www.metzavelo.fr\/?p=5401\" aria-label=\"En savoir plus sur Balade d\u00e9couverte du patrimoine messin  \u00e0 v\u00e9lo par les pistes cyclables dimanche 8 mars 2026\" tabindex=\"-1\">\n\t\t\tLire la suite \u00bb\t\t<\/a>\n\n\t\t\t\t<\/div>\n\t\t\t\t<div class=\"elementor-post__meta-data\">\n\t\t\t\t\t<span class=\"elementor-post-date\">\n\t\t\t25\/02\/2026\t\t<\/span>\n\t\t\t\t<span class=\"elementor-post-avatar\">\n\t\t\t6 commentaires\t\t<\/span>\n\t\t\t\t<\/div>\n\t\t\t\t\t<\/div>\n\t\t<\/article>\n\t\t\t\t<article class=\"elementor-post elementor-grid-item post-5042 post type-post status-publish format-standard has-post-thumbnail hentry category-velo-a-metz\" role=\"listitem\">\n\t\t\t<div class=\"elementor-post__card\">\n\t\t\t\t<a class=\"elementor-post__thumbnail__link\" href=\"https:\/\/www.metzavelo.fr\/?p=5042\" tabindex=\"-1\"><div class=\"elementor-post__thumbnail\"><img loading=\"lazy\" decoding=\"async\" width=\"300\" height=\"169\" src=\"https:\/\/www.metzavelo.fr\/wp-content\/uploads\/2026\/01\/presentation_plaidoyer_MaV-300x169.jpg\" class=\"attachment-medium size-medium wp-image-5078\" alt=\"\" srcset=\"https:\/\/www.metzavelo.fr\/wp-content\/uploads\/2026\/01\/presentation_plaidoyer_MaV-300x169.jpg 300w, https:\/\/www.metzavelo.fr\/wp-content\/uploads\/2026\/01\/presentation_plaidoyer_MaV-1024x576.jpg 1024w, https:\/\/www.metzavelo.fr\/wp-content\/uploads\/2026\/01\/presentation_plaidoyer_MaV-768x432.jpg 768w, https:\/\/www.metzavelo.fr\/wp-content\/uploads\/2026\/01\/presentation_plaidoyer_MaV.jpg 1440w\" sizes=\"(max-width: 300px) 100vw, 300px\" \/><\/div><\/a>\n\t\t\t\t<div class=\"elementor-post__badge\">V\u00e9lo \u00e0 Metz<\/div>\n\t\t\t\t<div class=\"elementor-post__avatar\">\n\t\t\t<img alt='Herv\u00e9 RIBON' src='https:\/\/secure.gravatar.com\/avatar\/092e810745213eb06fb70fe17b21462cbd6e5b99f76b3f4372f511aa20b06259?s=128&#038;d=mm&#038;r=g' srcset='https:\/\/secure.gravatar.com\/avatar\/092e810745213eb06fb70fe17b21462cbd6e5b99f76b3f4372f511aa20b06259?s=256&#038;d=mm&#038;r=g 2x' class='avatar avatar-128 photo' height='128' width='128' \/>\t\t<\/div>\n\t\t\t\t<div class=\"elementor-post__text\">\n\t\t\t\t<h3 class=\"elementor-post__title\">\n\t\t\t<a href=\"https:\/\/www.metzavelo.fr\/?p=5042\">\n\t\t\t\tMunicipales 2026 : le plaidoyer Metz \u00e0 V\u00e9lo\t\t\t<\/a>\n\t\t<\/h3>\n\t\t\t\t<div class=\"elementor-post__excerpt\">\n\t\t\t<p>Le plaidoyer v\u00e9lo pour l&rsquo;Euro-m\u00e9tropole de Metz Metz \u00e0 V\u00e9lo a pr\u00e9sent\u00e9 son plaidoyer v\u00e9lo pour les municipales 2026 lors d&rsquo;une conf\u00e9rence de presse le mardi 20 f\u00e9vrier 2026 \u00e0 la Maison du V\u00e9lo. Le plaidoyer Metz \u00e0 V\u00e9lo s&rsquo;appuie<\/p>\n\t\t<\/div>\n\t\t\n\t\t<a class=\"elementor-post__read-more\" href=\"https:\/\/www.metzavelo.fr\/?p=5042\" aria-label=\"En savoir plus sur Municipales 2026 : le plaidoyer Metz \u00e0 V\u00e9lo\" tabindex=\"-1\">\n\t\t\tLire la suite \u00bb\t\t<\/a>\n\n\t\t\t\t<\/div>\n\t\t\t\t<div class=\"elementor-post__meta-data\">\n\t\t\t\t\t<span class=\"elementor-post-date\">\n\t\t\t23\/01\/2026\t\t<\/span>\n\t\t\t\t<span class=\"elementor-post-avatar\">\n\t\t\tUn commentaire\t\t<\/span>\n\t\t\t\t<\/div>\n\t\t\t\t\t<\/div>\n\t\t<\/article>\n\t\t\t\t<article class=\"elementor-post elementor-grid-item post-5352 post type-post status-publish format-standard has-post-thumbnail hentry category-maison-du-velo\" role=\"listitem\">\n\t\t\t<div class=\"elementor-post__card\">\n\t\t\t\t<a class=\"elementor-post__thumbnail__link\" href=\"https:\/\/www.metzavelo.fr\/?p=5352\" tabindex=\"-1\"><div class=\"elementor-post__thumbnail\"><img loading=\"lazy\" decoding=\"async\" width=\"300\" height=\"109\" src=\"https:\/\/www.metzavelo.fr\/wp-content\/uploads\/2026\/01\/Voeux2026-300x109.jpg\" class=\"attachment-medium size-medium wp-image-5003\" alt=\"\" srcset=\"https:\/\/www.metzavelo.fr\/wp-content\/uploads\/2026\/01\/Voeux2026-300x109.jpg 300w, https:\/\/www.metzavelo.fr\/wp-content\/uploads\/2026\/01\/Voeux2026-1024x373.jpg 1024w, https:\/\/www.metzavelo.fr\/wp-content\/uploads\/2026\/01\/Voeux2026-768x280.jpg 768w, https:\/\/www.metzavelo.fr\/wp-content\/uploads\/2026\/01\/Voeux2026-1536x560.jpg 1536w, https:\/\/www.metzavelo.fr\/wp-content\/uploads\/2026\/01\/Voeux2026-2048x747.jpg 2048w\" sizes=\"(max-width: 300px) 100vw, 300px\" \/><\/div><\/a>\n\t\t\t\t<div class=\"elementor-post__badge\">L&#039;association<\/div>\n\t\t\t\t<div class=\"elementor-post__avatar\">\n\t\t\t<img alt='Isabelle' src='https:\/\/secure.gravatar.com\/avatar\/110b333de6f57c48c72b7fc6fd4f416c9ebe237300cfa7dae9b972111dea2ddc?s=128&#038;d=mm&#038;r=g' srcset='https:\/\/secure.gravatar.com\/avatar\/110b333de6f57c48c72b7fc6fd4f416c9ebe237300cfa7dae9b972111dea2ddc?s=256&#038;d=mm&#038;r=g 2x' class='avatar avatar-128 photo' height='128' width='128' \/>\t\t<\/div>\n\t\t\t\t<div class=\"elementor-post__text\">\n\t\t\t\t<h3 class=\"elementor-post__title\">\n\t\t\t<a href=\"https:\/\/www.metzavelo.fr\/?p=5352\">\n\t\t\t\tBonne ann\u00e9e 2026 !\t\t\t<\/a>\n\t\t<\/h3>\n\t\t\t\t<div class=\"elementor-post__excerpt\">\n\t\t\t<p>Toute l\u2019\u00e9quipe de Metz \u00e0 V\u00e9lo vous souhaite une excellente ann\u00e9e 2026 !Que cette nouvelle ann\u00e9e vous apporte de belles balades, des trajets s\u00fbrs et agr\u00e9ables, et toujours plus de plaisir \u00e0 d\u00e9couvrir notre belle ville de Metz et ses<\/p>\n\t\t<\/div>\n\t\t\n\t\t<a class=\"elementor-post__read-more\" href=\"https:\/\/www.metzavelo.fr\/?p=5352\" aria-label=\"En savoir plus sur Bonne ann\u00e9e 2026 !\" tabindex=\"-1\">\n\t\t\tLire la suite \u00bb\t\t<\/a>\n\n\t\t\t\t<\/div>\n\t\t\t\t<div class=\"elementor-post__meta-data\">\n\t\t\t\t\t<span class=\"elementor-post-date\">\n\t\t\t01\/01\/2026\t\t<\/span>\n\t\t\t\t<span class=\"elementor-post-avatar\">\n\t\t\t4 commentaires\t\t<\/span>\n\t\t\t\t<\/div>\n\t\t\t\t\t<\/div>\n\t\t<\/article>\n\t\t\t\t<article class=\"elementor-post elementor-grid-item post-4955 post type-post status-publish format-standard has-post-thumbnail hentry category-balades category-maison-du-velo\" role=\"listitem\">\n\t\t\t<div class=\"elementor-post__card\">\n\t\t\t\t<a class=\"elementor-post__thumbnail__link\" href=\"https:\/\/www.metzavelo.fr\/?p=4955\" tabindex=\"-1\"><div class=\"elementor-post__thumbnail\"><img loading=\"lazy\" decoding=\"async\" width=\"199\" height=\"300\" src=\"https:\/\/www.metzavelo.fr\/wp-content\/uploads\/2025\/11\/Parade-de-Noel-2025-199x300.png\" class=\"attachment-medium size-medium wp-image-4957\" alt=\"\" srcset=\"https:\/\/www.metzavelo.fr\/wp-content\/uploads\/2025\/11\/Parade-de-Noel-2025-199x300.png 199w, https:\/\/www.metzavelo.fr\/wp-content\/uploads\/2025\/11\/Parade-de-Noel-2025.png 675w\" sizes=\"(max-width: 199px) 100vw, 199px\" \/><\/div><\/a>\n\t\t\t\t<div class=\"elementor-post__badge\">Balades<\/div>\n\t\t\t\t<div class=\"elementor-post__avatar\">\n\t\t\t<img alt='edmond' src='https:\/\/secure.gravatar.com\/avatar\/6f08cc371ca7c08a32aa06522510b7ab352c0b1de6b25e4fcae26e65610dd202?s=128&#038;d=mm&#038;r=g' srcset='https:\/\/secure.gravatar.com\/avatar\/6f08cc371ca7c08a32aa06522510b7ab352c0b1de6b25e4fcae26e65610dd202?s=256&#038;d=mm&#038;r=g 2x' class='avatar avatar-128 photo' height='128' width='128' \/>\t\t<\/div>\n\t\t\t\t<div class=\"elementor-post__text\">\n\t\t\t\t<h3 class=\"elementor-post__title\">\n\t\t\t<a href=\"https:\/\/www.metzavelo.fr\/?p=4955\">\n\t\t\t\tParade de No\u00ebl 2025\t\t\t<\/a>\n\t\t<\/h3>\n\t\t\t\t<div class=\"elementor-post__excerpt\">\n\t\t\t<p>Cher(e)s Ami(e)s cyclistes,<\/p> <p>Vendredi 12 d\u00e9cembre 2025 &#8211; 18h30 Maison du v\u00e9lo<\/p> <p>Rendez-vous avec vos v\u00e9los enguirland\u00e9s, vos bonnets, habits de No\u00ebl, de la musique, pour la parade de No\u00ebl \u00e0 travers le centre ville de Metz pour un parcours\t\t<\/p><\/div>\n\t\t\n\t\t<a class=\"elementor-post__read-more\" href=\"https:\/\/www.metzavelo.fr\/?p=4955\" aria-label=\"En savoir plus sur Parade de No\u00ebl 2025\" tabindex=\"-1\">\n\t\t\tLire la suite \u00bb\t\t<\/a>\n\n\t\t\t\t<\/div>\n\t\t\t\t<div class=\"elementor-post__meta-data\">\n\t\t\t\t\t<span class=\"elementor-post-date\">\n\t\t\t27\/11\/2025\t\t<\/span>\n\t\t\t\t<span class=\"elementor-post-avatar\">\n\t\t\t8 commentaires\t\t<\/span>\n\t\t\t\t<\/div>\n\t\t\t\t\t<\/div>\n\t\t<\/article>\n\t\t\t\t<article class=\"elementor-post elementor-grid-item post-4945 post type-post status-publish format-standard has-post-thumbnail hentry category-non-classe\" role=\"listitem\">\n\t\t\t<div class=\"elementor-post__card\">\n\t\t\t\t<a class=\"elementor-post__thumbnail__link\" href=\"https:\/\/www.metzavelo.fr\/?p=4945\" tabindex=\"-1\"><div class=\"elementor-post__thumbnail\"><img loading=\"lazy\" decoding=\"async\" width=\"300\" height=\"129\" src=\"https:\/\/www.metzavelo.fr\/wp-content\/uploads\/2025\/11\/bikepacking-25-300x129.png\" class=\"attachment-medium size-medium wp-image-4947\" alt=\"\" srcset=\"https:\/\/www.metzavelo.fr\/wp-content\/uploads\/2025\/11\/bikepacking-25-300x129.png 300w, https:\/\/www.metzavelo.fr\/wp-content\/uploads\/2025\/11\/bikepacking-25.png 507w\" sizes=\"(max-width: 300px) 100vw, 300px\" \/><\/div><\/a>\n\t\t\t\t<div class=\"elementor-post__badge\">Non class\u00e9<\/div>\n\t\t\t\t<div class=\"elementor-post__avatar\">\n\t\t\t<img alt='arnaud' src='https:\/\/secure.gravatar.com\/avatar\/00887aac98b9bd47df982f978805e8e797189f02bcae72c383bd32d25378510c?s=128&#038;d=mm&#038;r=g' srcset='https:\/\/secure.gravatar.com\/avatar\/00887aac98b9bd47df982f978805e8e797189f02bcae72c383bd32d25378510c?s=256&#038;d=mm&#038;r=g 2x' class='avatar avatar-128 photo' height='128' width='128' \/>\t\t<\/div>\n\t\t\t\t<div class=\"elementor-post__text\">\n\t\t\t\t<h3 class=\"elementor-post__title\">\n\t\t\t<a href=\"https:\/\/www.metzavelo.fr\/?p=4945\">\n\t\t\t\tSoir\u00e9e ap\u00e9ro Voyage \u00e0 v\u00e9lo\t\t\t<\/a>\n\t\t<\/h3>\n\t\t\t\t<div class=\"elementor-post__excerpt\">\n\t\t\t<p>LUNDI 8 DECEMBRE 2025, 17h45\u00a0Au programme de cette soir\u00e9e:\u00a0&#8211; Retour en images (et vid\u00e9o) sur les deux voyages \u00e0 v\u00e9lo organis\u00e9s par l&rsquo;association cette ann\u00e9e: Boucle Moselle-Sarre (Initiation) et Vosges: objectif Donon (Bikepacking).\u00a0&#8211; Nous vous invitons \u00e9galement, voyageurs et voyageuses,<\/p>\n\t\t<\/div>\n\t\t\n\t\t<a class=\"elementor-post__read-more\" href=\"https:\/\/www.metzavelo.fr\/?p=4945\" aria-label=\"En savoir plus sur Soir\u00e9e ap\u00e9ro Voyage \u00e0 v\u00e9lo\" tabindex=\"-1\">\n\t\t\tLire la suite \u00bb\t\t<\/a>\n\n\t\t\t\t<\/div>\n\t\t\t\t<div class=\"elementor-post__meta-data\">\n\t\t\t\t\t<span class=\"elementor-post-date\">\n\t\t\t24\/11\/2025\t\t<\/span>\n\t\t\t\t<span class=\"elementor-post-avatar\">\n\t\t\t8 commentaires\t\t<\/span>\n\t\t\t\t<\/div>\n\t\t\t\t\t<\/div>\n\t\t<\/article>\n\t\t\t\t<\/div>\n\t\t\n\t\t\t\t<div class=\"e-load-more-anchor\" data-page=\"1\" data-max-page=\"9\" data-next-page=\"https:\/\/www.metzavelo.fr\/index.php?rest_route=%2Fwp%2Fv2%2Fpages%2F1067&#038;paged=2\"><\/div>\n\t\t\t\t<nav class=\"elementor-pagination\" aria-label=\"Pagination\">\n\t\t\t<span class=\"page-numbers prev\">&laquo; Pr\u00e9c\u00e9dent<\/span>\n<span aria-current=\"page\" class=\"page-numbers current\"><span class=\"elementor-screen-only\">Page<\/span>1<\/span>\n<a class=\"page-numbers\" href=\"https:\/\/www.metzavelo.fr\/index.php\/?paged=2\"><span class=\"elementor-screen-only\">Page<\/span>2<\/a>\n<a class=\"page-numbers\" href=\"https:\/\/www.metzavelo.fr\/index.php\/?paged=3\"><span class=\"elementor-screen-only\">Page<\/span>3<\/a>\n<a class=\"page-numbers\" href=\"https:\/\/www.metzavelo.fr\/index.php\/?paged=4\"><span class=\"elementor-screen-only\">Page<\/span>4<\/a>\n<a class=\"page-numbers\" href=\"https:\/\/www.metzavelo.fr\/index.php\/?paged=5\"><span class=\"elementor-screen-only\">Page<\/span>5<\/a>\n<a class=\"page-numbers next\" href=\"https:\/\/www.metzavelo.fr\/index.php?rest_route=%2Fwp%2Fv2%2Fpages%2F1067&#038;paged=2\">Suivant &raquo;<\/a>\t\t<\/nav>\n\t\t\t\t\t\t<\/div>\n\t\t\t\t<\/div>\n\t\t\t\t\t<\/div>\n\t\t<\/div>\n\t\t\t\t<div class=\"elementor-column elementor-col-50 elementor-top-column elementor-element elementor-element-f62013a\" data-id=\"f62013a\" data-element_type=\"column\" data-e-type=\"column\">\n\t\t\t<div class=\"elementor-widget-wrap elementor-element-populated\">\n\t\t\t\t\t\t<div class=\"elementor-element elementor-element-c2fca15 elementor-widget elementor-widget-heading\" data-id=\"c2fca15\" data-element_type=\"widget\" data-e-type=\"widget\" data-widget_type=\"heading.default\">\n\t\t\t\t<div class=\"elementor-widget-container\">\n\t\t\t\t\t<h2 class=\"elementor-heading-title elementor-size-default\">Suivez nous sur facebok<\/h2>\t\t\t\t<\/div>\n\t\t\t\t<\/div>\n\t\t\t\t<div class=\"elementor-element elementor-element-8207b6b elementor-widget elementor-widget-facebook-page\" data-id=\"8207b6b\" data-element_type=\"widget\" data-e-type=\"widget\" data-widget_type=\"facebook-page.default\">\n\t\t\t\t<div class=\"elementor-widget-container\">\n\t\t\t\t\t<div class=\"elementor-facebook-widget fb-page\" data-href=\"https:\/\/www.facebook.com\/metzavelo\" data-tabs=\"timeline\" data-height=\"831px\" data-width=\"500px\" data-small-header=\"false\" data-hide-cover=\"false\" data-show-facepile=\"true\" data-hide-cta=\"false\" style=\"min-height: 1px;height:831px\"><\/div>\t\t\t\t<\/div>\n\t\t\t\t<\/div>\n\t\t\t\t<div class=\"elementor-element elementor-element-fa6239d elementor-widget elementor-widget-wp-widget-categories\" data-id=\"fa6239d\" data-element_type=\"widget\" data-e-type=\"widget\" data-widget_type=\"wp-widget-categories.default\">\n\t\t\t\t<div class=\"elementor-widget-container\">\n\t\t\t\t\t<h5>Cat\u00e9gories d&rsquo;actualit\u00e9s<\/h5><nav aria-label=\"Cat\u00e9gories d&rsquo;actualit\u00e9s\">\n\t\t\t<ul>\n\t\t\t\t\t<li class=\"cat-item cat-item-22\"><a href=\"https:\/\/www.metzavelo.fr\/?cat=22\">agenda<\/a> (1)\n<\/li>\n\t<li class=\"cat-item cat-item-12\"><a href=\"https:\/\/www.metzavelo.fr\/?cat=12\">Divers<\/a> (2)\n<\/li>\n\t<li class=\"cat-item cat-item-8\"><a href=\"https:\/\/www.metzavelo.fr\/?cat=8\">L&#039;association<\/a> (50)\n<ul class='children'>\n\t<li class=\"cat-item cat-item-9\"><a href=\"https:\/\/www.metzavelo.fr\/?cat=9\">Balades<\/a> (16)\n<\/li>\n\t<li class=\"cat-item cat-item-13\"><a href=\"https:\/\/www.metzavelo.fr\/?cat=13\">Ecole de v\u00e9lo<\/a> (2)\n<\/li>\n\t<li class=\"cat-item cat-item-17\"><a href=\"https:\/\/www.metzavelo.fr\/?cat=17\">\u00c9v\u00e8nement<\/a> (6)\n<\/li>\n\t<li class=\"cat-item cat-item-16\"><a href=\"https:\/\/www.metzavelo.fr\/?cat=16\">Prestations<\/a> (2)\n<\/li>\n<\/ul>\n<\/li>\n\t<li class=\"cat-item cat-item-1\"><a href=\"https:\/\/www.metzavelo.fr\/?cat=1\">Non class\u00e9<\/a> (7)\n<\/li>\n\t<li class=\"cat-item cat-item-10\"><a href=\"https:\/\/www.metzavelo.fr\/?cat=10\">V\u00e9lo \u00e0 Metz<\/a> (20)\n<ul class='children'>\n\t<li class=\"cat-item cat-item-7\"><a href=\"https:\/\/www.metzavelo.fr\/?cat=7\">Infrastructures<\/a> (6)\n<\/li>\n<\/ul>\n<\/li>\n\t\t\t<\/ul>\n\n\t\t\t<\/nav>\t\t\t\t<\/div>\n\t\t\t\t<\/div>\n\t\t\t\t<div class=\"elementor-element elementor-element-9e70010 elementor-widget elementor-widget-wp-widget-archives\" data-id=\"9e70010\" data-element_type=\"widget\" data-e-type=\"widget\" data-widget_type=\"wp-widget-archives.default\">\n\t\t\t\t<div class=\"elementor-widget-container\">\n\t\t\t\t\t<h5>Archives<\/h5>\t\t<label class=\"screen-reader-text\" for=\"archives-dropdown-REPLACE_TO_ID\">Archives<\/label>\n\t\t<select id=\"archives-dropdown-REPLACE_TO_ID\" name=\"archive-dropdown\">\n\t\t\t\n\t\t\t<option value=\"\">S\u00e9lectionner un mois<\/option>\n\t\t\t\t<option value='https:\/\/www.metzavelo.fr\/?m=202603'> mars 2026 &nbsp;(4)<\/option>\n\t<option value='https:\/\/www.metzavelo.fr\/?m=202602'> f\u00e9vrier 2026 &nbsp;(1)<\/option>\n\t<option value='https:\/\/www.metzavelo.fr\/?m=202601'> janvier 2026 &nbsp;(2)<\/option>\n\t<option value='https:\/\/www.metzavelo.fr\/?m=202511'> novembre 2025 &nbsp;(3)<\/option>\n\t<option value='https:\/\/www.metzavelo.fr\/?m=202510'> octobre 2025 &nbsp;(2)<\/option>\n\t<option value='https:\/\/www.metzavelo.fr\/?m=202509'> septembre 2025 &nbsp;(2)<\/option>\n\t<option value='https:\/\/www.metzavelo.fr\/?m=202508'> ao\u00fbt 2025 &nbsp;(1)<\/option>\n\t<option value='https:\/\/www.metzavelo.fr\/?m=202506'> juin 2025 &nbsp;(3)<\/option>\n\t<option value='https:\/\/www.metzavelo.fr\/?m=202505'> mai 2025 &nbsp;(3)<\/option>\n\t<option value='https:\/\/www.metzavelo.fr\/?m=202504'> avril 2025 &nbsp;(1)<\/option>\n\t<option value='https:\/\/www.metzavelo.fr\/?m=202503'> mars 2025 &nbsp;(1)<\/option>\n\t<option value='https:\/\/www.metzavelo.fr\/?m=202411'> novembre 2024 &nbsp;(1)<\/option>\n\t<option value='https:\/\/www.metzavelo.fr\/?m=202408'> ao\u00fbt 2024 &nbsp;(1)<\/option>\n\t<option value='https:\/\/www.metzavelo.fr\/?m=202402'> f\u00e9vrier 2024 &nbsp;(1)<\/option>\n\t<option value='https:\/\/www.metzavelo.fr\/?m=202401'> janvier 2024 &nbsp;(1)<\/option>\n\t<option value='https:\/\/www.metzavelo.fr\/?m=202311'> novembre 2023 &nbsp;(3)<\/option>\n\t<option value='https:\/\/www.metzavelo.fr\/?m=202310'> octobre 2023 &nbsp;(2)<\/option>\n\t<option value='https:\/\/www.metzavelo.fr\/?m=202304'> avril 2023 &nbsp;(2)<\/option>\n\t<option value='https:\/\/www.metzavelo.fr\/?m=202301'> janvier 2023 &nbsp;(1)<\/option>\n\t<option value='https:\/\/www.metzavelo.fr\/?m=202211'> novembre 2022 &nbsp;(1)<\/option>\n\t<option value='https:\/\/www.metzavelo.fr\/?m=202209'> septembre 2022 &nbsp;(1)<\/option>\n\t<option value='https:\/\/www.metzavelo.fr\/?m=202208'> ao\u00fbt 2022 &nbsp;(1)<\/option>\n\t<option value='https:\/\/www.metzavelo.fr\/?m=202206'> juin 2022 &nbsp;(4)<\/option>\n\t<option value='https:\/\/www.metzavelo.fr\/?m=202204'> avril 2022 &nbsp;(3)<\/option>\n\t<option value='https:\/\/www.metzavelo.fr\/?m=202202'> f\u00e9vrier 2022 &nbsp;(2)<\/option>\n\t<option value='https:\/\/www.metzavelo.fr\/?m=202201'> janvier 2022 &nbsp;(1)<\/option>\n\t<option value='https:\/\/www.metzavelo.fr\/?m=202110'> octobre 2021 &nbsp;(1)<\/option>\n\t<option value='https:\/\/www.metzavelo.fr\/?m=202108'> ao\u00fbt 2021 &nbsp;(1)<\/option>\n\t<option value='https:\/\/www.metzavelo.fr\/?m=202107'> juillet 2021 &nbsp;(1)<\/option>\n\t<option value='https:\/\/www.metzavelo.fr\/?m=202106'> juin 2021 &nbsp;(1)<\/option>\n\t<option value='https:\/\/www.metzavelo.fr\/?m=202105'> mai 2021 &nbsp;(1)<\/option>\n\t<option value='https:\/\/www.metzavelo.fr\/?m=202104'> avril 2021 &nbsp;(1)<\/option>\n\t<option value='https:\/\/www.metzavelo.fr\/?m=202103'> mars 2021 &nbsp;(2)<\/option>\n\t<option value='https:\/\/www.metzavelo.fr\/?m=202102'> f\u00e9vrier 2021 &nbsp;(1)<\/option>\n\t<option value='https:\/\/www.metzavelo.fr\/?m=202101'> janvier 2021 &nbsp;(2)<\/option>\n\t<option value='https:\/\/www.metzavelo.fr\/?m=202011'> novembre 2020 &nbsp;(3)<\/option>\n\t<option value='https:\/\/www.metzavelo.fr\/?m=202010'> octobre 2020 &nbsp;(1)<\/option>\n\t<option value='https:\/\/www.metzavelo.fr\/?m=202009'> septembre 2020 &nbsp;(5)<\/option>\n\t<option value='https:\/\/www.metzavelo.fr\/?m=202008'> ao\u00fbt 2020 &nbsp;(2)<\/option>\n\t<option value='https:\/\/www.metzavelo.fr\/?m=202007'> juillet 2020 &nbsp;(2)<\/option>\n\t<option value='https:\/\/www.metzavelo.fr\/?m=202006'> juin 2020 &nbsp;(2)<\/option>\n\n\t\t<\/select>\n\n\t\t\t<script>\n( ( dropdownId ) => {\n\tconst dropdown = document.getElementById( dropdownId );\n\tfunction onSelectChange() {\n\t\tsetTimeout( () => {\n\t\t\tif ( 'escape' === dropdown.dataset.lastkey ) {\n\t\t\t\treturn;\n\t\t\t}\n\t\t\tif ( dropdown.value ) {\n\t\t\t\tdocument.location.href = dropdown.value;\n\t\t\t}\n\t\t}, 250 );\n\t}\n\tfunction onKeyUp( event ) {\n\t\tif ( 'Escape' === event.key ) {\n\t\t\tdropdown.dataset.lastkey = 'escape';\n\t\t} else {\n\t\t\tdelete dropdown.dataset.lastkey;\n\t\t}\n\t}\n\tfunction onClick() {\n\t\tdelete dropdown.dataset.lastkey;\n\t}\n\tdropdown.addEventListener( 'keyup', onKeyUp );\n\tdropdown.addEventListener( 'click', onClick );\n\tdropdown.addEventListener( 'change', onSelectChange );\n})( \"archives-dropdown-REPLACE_TO_ID\" );\n\n\/\/# sourceURL=WP_Widget_Archives%3A%3Awidget\n<\/script>\n\t\t\t\t<\/div>\n\t\t\t\t<\/div>\n\t\t\t\t\t<\/div>\n\t\t<\/div>\n\t\t\t\t\t<\/div>\n\t\t<\/section>\n\t\t\t\t<section class=\"elementor-section elementor-top-section elementor-element elementor-element-644e86e8 elementor-section-boxed elementor-section-height-default elementor-section-height-default\" data-id=\"644e86e8\" data-element_type=\"section\" data-e-type=\"section\">\n\t\t\t\t\t\t<div class=\"elementor-container elementor-column-gap-default\">\n\t\t\t\t\t<div class=\"elementor-column elementor-col-100 elementor-top-column elementor-element elementor-element-75a42d24\" data-id=\"75a42d24\" data-element_type=\"column\" data-e-type=\"column\">\n\t\t\t<div class=\"elementor-widget-wrap elementor-element-populated\">\n\t\t\t\t\t\t<div class=\"elementor-element elementor-element-2739a61 elementor-widget elementor-widget-text-editor\" data-id=\"2739a61\" data-element_type=\"widget\" data-e-type=\"widget\" data-widget_type=\"text-editor.default\">\n\t\t\t\t<div class=\"elementor-widget-container\">\n\t\t\t\t\t\t\t\t\t\n<h3 class=\"wp-block-heading\">Articles r\u00e9cents<\/h3>\n\n<p>Articles r\u00e9alis\u00e9s par l&rsquo;\u00e9quipe Metz \u00e0 V\u00e9lo <\/p>\n<ul class=\"wp-block-latest-posts__list has-dates wp-block-latest-posts\"><li><a class=\"wp-block-latest-posts__post-title\" href=\"https:\/\/www.metzavelo.fr\/?p=5503\">Les P&rsquo;tits Maillons<\/a><time datetime=\"2026-03-30T12:23:29+02:00\" class=\"wp-block-latest-posts__post-date\">30\/03\/2026<\/time><div class=\"wp-block-latest-posts__post-excerpt\">Stages m\u00e9caniques et sorties v\u00e9lo<br \/>\nPour les enfants de 8 \u00e0 12 ans<br \/>\nDates : du 13 au 17 avril 2026 ou du 20 au 24 avril 2026.\nSur inscription<\/div><\/li>\n<li><a class=\"wp-block-latest-posts__post-title\" href=\"https:\/\/www.metzavelo.fr\/?p=5494\">Initiation voyage \u00e0 v\u00e9lo<\/a><time datetime=\"2026-03-23T16:21:21+01:00\" class=\"wp-block-latest-posts__post-date\">23\/03\/2026<\/time><div class=\"wp-block-latest-posts__post-excerpt\">INITIATION AU VOYAGE A VELO: LA MEUSE \u00c0 VELO Voyageurs\u2022euses, \u00a0 Metz \u00e0 v\u00e9lo vous pr\u00e9pare \u00e0 nouveau une initiation au voyage \u00e0 v\u00e9lo sur 4 jours d&rsquo;itin\u00e9rance. Un petit go\u00fbt d&rsquo;aventure, de libert\u00e9 et de d\u00e9couverte&#8230; \u00a0 Au d\u00e9part\u2026 <a class=\"wp-block-latest-posts__read-more\" href=\"https:\/\/www.metzavelo.fr\/?p=5494\" rel=\"noopener noreferrer\">Lire la suite<span class=\"screen-reader-text\">\u00a0: Initiation voyage \u00e0 v\u00e9lo<\/span><\/a><\/div><\/li>\n<li><a class=\"wp-block-latest-posts__post-title\" href=\"https:\/\/www.metzavelo.fr\/?p=5485\">Balade Familiale \u00e0 v\u00e9lo autour de la Seille dimanche 5 avril 2026<\/a><time datetime=\"2026-03-22T21:30:56+01:00\" class=\"wp-block-latest-posts__post-date\">22\/03\/2026<\/time><div class=\"wp-block-latest-posts__post-excerpt\">Cher(e)s Ami(e)s cyclistes,\n\nDimanche 5 avril 2026, Metz \u00e0 V\u00e9lo vous propose une balade familiale autour de la Seille, afin de d\u00e9couvrir la nouvelle voie verte de l'ancienne voie ferr\u00e9e Pournoy-la-Ch\u00e9tive - Ch\u00e2teau-Salins ainsi que la voie verte Pouilly - Marly.\n\nRendez-vous au Parvis des Droits de l\u2019Homme, pr\u00e8s du Centre Pompidou-Metz, dimanche 5 avril \u00e0 13h45 pour un d\u00e9part \u00e0 14h00 pr\u00e9cises !\n\nParticipez \u00e0 une belle boucle de 26 km, sans grande difficult\u00e9, id\u00e9ale pour toute la famille.\n\nNous longerons la Seille et emprunterons la nouvelle piste cyclable am\u00e9nag\u00e9e sur l\u2019ancienne voie ferr\u00e9e Pournoy-la-Ch\u00e9tive \u2013 Ch\u00e2teau-Salins : un parcours nature et d\u00e9tente, parfait pour profiter ensemble d\u2019un dimanche de printemps &#x1f338;&#x1f6b2;\n\n\u00c0 cette p\u00e9riode de l'ann\u00e9e, la nature rena\u00eet peu \u00e0 peu : les arbres se parent de jeunes feuilles, les fleurs \u00e9closent et les paysages retrouvent leurs couleurs, offrant un cadre id\u00e9al pour une sortie conviviale et ressour\u00e7ante.\nItin\u00e9raire :\n\nD\u00e9part du Parvis des Droits de l\u2019Homme \u2192 Magny \u2192 Marly \u2192 Coin-l\u00e8s-Cuvry \u2192 Fleury \u2192 Pouilly \u2192 retour par Marly et Magny \u2192 arriv\u00e9e au Centre Pompidou-Metz.\n\n&#x1f527; Pensez \u00e0 :\n\nV\u00e9rifier votre v\u00e9lo (freins, pneus, \u00e9clairage)\n\nPorter un casque (recommand\u00e9 pour tous)\n\nPrendre de l\u2019eau, un petit en-cas et une tenue adapt\u00e9e \u00e0 la m\u00e9t\u00e9o\n\nVenir avec votre bonne humeur &#x1f604;\n\nUne sortie conviviale, familiale et accessible \u00e0 tous, pour le simple plaisir de p\u00e9daler ensemble et (re)d\u00e9couvrir les environs de Metz autrement &#x1f49b;\n\n13h45 : Rendez-vous Place des droits de l'homme pr\u00e8s du Centre Pompidou avec votre v\u00e9lo\n14h00 : D\u00e9part de la balade\n17h00 : Retour de la balade\nPlus de d\u00e9tails du circuit : \nhttps:\/\/www.routeyou.com\/fr-fr\/route\/view\/17947933\n<\/div><\/li>\n<li><a class=\"wp-block-latest-posts__post-title\" href=\"https:\/\/www.metzavelo.fr\/?p=5434\">Jouez la carte du v\u00e9lo !<\/a><time datetime=\"2026-03-13T08:49:39+01:00\" class=\"wp-block-latest-posts__post-date\">13\/03\/2026<\/time><div class=\"wp-block-latest-posts__post-excerpt\">C&rsquo;est maintenant \u00e0 vous de choisir. Votre choix aura un impact sur les am\u00e9nagements en faveur des pi\u00e9tons et des cyclistes et donc sur les modes de d\u00e9placement de demain sur notre m\u00e9tropole. \u00a0 De plus, de ces choix politiques\u2026 <a class=\"wp-block-latest-posts__read-more\" href=\"https:\/\/www.metzavelo.fr\/?p=5434\" rel=\"noopener noreferrer\">Lire la suite<span class=\"screen-reader-text\">\u00a0: Jouez la carte du v\u00e9lo !<\/span><\/a><\/div><\/li>\n<li><a class=\"wp-block-latest-posts__post-title\" href=\"https:\/\/www.metzavelo.fr\/?p=5401\">Balade d\u00e9couverte du patrimoine messin  \u00e0 v\u00e9lo par les pistes cyclables dimanche 8 mars 2026<\/a><time datetime=\"2026-02-25T15:49:09+01:00\" class=\"wp-block-latest-posts__post-date\">25\/02\/2026<\/time><div class=\"wp-block-latest-posts__post-excerpt\">Cher(e)s Ami(e)s cyclistes,\n\nDimanche 8 mars 2026, Metz \u00e0 V\u00e9lo vous propose une balade d\u00e9couverte du patrimoine messin \u00e0 v\u00e9lo par les pistes cyclables de 11,7 kms sans difficult\u00e9 pour d\u00e9couvrir les principaux monuments de la Ville de Metz.\n\n13h45 : Rendez-vous Place d'Armes avec votre v\u00e9lo\n14h00 : D\u00e9part de la balade\n17h00 : Retour de la balade\n \nPlus de d\u00e9tails du circuit : \n\nhttps:\/\/www.routeyou.com\/fr-fr\/route\/view\/18029037\n<\/div><\/li>\n<\/ul>\n<p><\/p><\/div><\/div><\/div><\/div><\/div><\/section><\/div> <a href=\"https:\/\/www.metzavelo.fr\/?p=4945#more-4945\" class=\"more-link elementor-more-link\"><span aria-label=\"Poursuivre la lecture Soir\u00e9e ap\u00e9ro Voyage \u00e0 v\u00e9lo\">(plus\u2026)<\/span><\/a>","protected":false},"excerpt":{"rendered":"<p>Suivez nous sur facebok Articles r\u00e9cents Articles r\u00e9alis\u00e9s par l&rsquo;\u00e9quipe Metz \u00e0 V\u00e9lo<\/p>\n","protected":false},"author":4,"featured_media":0,"parent":0,"menu_order":0,"comment_status":"closed","ping_status":"closed","template":"elementor_header_footer","meta":{"footnotes":""},"class_list":["post-1067","page","type-page","status-publish","hentry"],"_links":{"self":[{"href":"https:\/\/www.metzavelo.fr\/index.php?rest_route=\/wp\/v2\/pages\/1067","targetHints":{"allow":["GET"]}}],"collection":[{"href":"https:\/\/www.metzavelo.fr\/index.php?rest_route=\/wp\/v2\/pages"}],"about":[{"href":"https:\/\/www.metzavelo.fr\/index.php?rest_route=\/wp\/v2\/types\/page"}],"author":[{"embeddable":true,"href":"https:\/\/www.metzavelo.fr\/index.php?rest_route=\/wp\/v2\/users\/4"}],"replies":[{"embeddable":true,"href":"https:\/\/www.metzavelo.fr\/index.php?rest_route=%2Fwp%2Fv2%2Fcomments&post=1067"}],"version-history":[{"count":14,"href":"https:\/\/www.metzavelo.fr\/index.php?rest_route=\/wp\/v2\/pages\/1067\/revisions"}],"predecessor-version":[{"id":5719,"href":"https:\/\/www.metzavelo.fr\/index.php?rest_route=\/wp\/v2\/pages\/1067\/revisions\/5719"}],"wp:attachment":[{"href":"https:\/\/www.metzavelo.fr\/index.php?rest_route=%2Fwp%2Fv2%2Fmedia&parent=1067"}],"curies":[{"name":"wp","href":"https:\/\/api.w.org\/{rel}","templated":true}]}}