{"id":102,"date":"2018-03-19T23:00:47","date_gmt":"2018-03-19T22:00:47","guid":{"rendered":"http:\/\/www.metzavelo.fr\/?page_id=102"},"modified":"2024-12-11T09:07:56","modified_gmt":"2024-12-11T08:07:56","slug":"ecole-de-velo","status":"publish","type":"page","link":"https:\/\/www.metzavelo.fr\/?page_id=102","title":{"rendered":"\u00c9cole de v\u00e9lo"},"content":{"rendered":"\t\t<div data-elementor-type=\"wp-post\" data-elementor-id=\"102\" class=\"elementor elementor-102\" data-elementor-post-type=\"page\">\n\t\t\t\t\t\t<section class=\"elementor-section elementor-top-section elementor-element elementor-element-a6bb0e5 elementor-section-boxed elementor-section-height-default elementor-section-height-default\" data-id=\"a6bb0e5\" data-element_type=\"section\" data-e-type=\"section\">\n\t\t\t\t\t\t<div class=\"elementor-container elementor-column-gap-default\">\n\t\t\t\t\t<div class=\"elementor-column elementor-col-100 elementor-top-column elementor-element elementor-element-535e666\" data-id=\"535e666\" data-element_type=\"column\" data-e-type=\"column\">\n\t\t\t<div class=\"elementor-widget-wrap elementor-element-populated\">\n\t\t\t\t\t\t<div class=\"elementor-element elementor-element-2ff9bed elementor-widget elementor-widget-image\" data-id=\"2ff9bed\" data-element_type=\"widget\" data-e-type=\"widget\" data-widget_type=\"image.default\">\n\t\t\t\t<div class=\"elementor-widget-container\">\n\t\t\t\t\t\t\t\t\t\t\t\t\t\t\t<img fetchpriority=\"high\" decoding=\"async\" width=\"768\" height=\"432\" src=\"https:\/\/www.metzavelo.fr\/wp-content\/uploads\/2021\/02\/20200822_114712-768x432.jpg\" class=\"attachment-medium_large size-medium_large wp-image-1823\" alt=\"\" srcset=\"https:\/\/www.metzavelo.fr\/wp-content\/uploads\/2021\/02\/20200822_114712-768x432.jpg 768w, https:\/\/www.metzavelo.fr\/wp-content\/uploads\/2021\/02\/20200822_114712-300x169.jpg 300w, https:\/\/www.metzavelo.fr\/wp-content\/uploads\/2021\/02\/20200822_114712-1024x576.jpg 1024w, https:\/\/www.metzavelo.fr\/wp-content\/uploads\/2021\/02\/20200822_114712-1536x864.jpg 1536w, https:\/\/www.metzavelo.fr\/wp-content\/uploads\/2021\/02\/20200822_114712-2048x1152.jpg 2048w\" sizes=\"(max-width: 768px) 100vw, 768px\" \/>\t\t\t\t\t\t\t\t\t\t\t\t\t\t\t<\/div>\n\t\t\t\t<\/div>\n\t\t\t\t<div class=\"elementor-element elementor-element-a260c09 elementor-widget elementor-widget-text-editor\" data-id=\"a260c09\" data-element_type=\"widget\" data-e-type=\"widget\" data-widget_type=\"text-editor.default\">\n\t\t\t\t<div class=\"elementor-widget-container\">\n\t\t\t\t\t\t\t\t\t<div><b>Apprenez le v\u00e9lo ou remettez vous en selle en s\u00e9curit\u00e9 avec Metz \u00e0 V\u00e9lo ! <\/b><\/div><div>Une \u00e9quipe form\u00e9e \u00ab\u00a0Initiateur Mobilit\u00e9 V\u00e9lo\u00a0\u00bb vous accompagnera selon trois niveaux diff\u00e9rents pour vous permettre d&rsquo;\u00e9voluer dans votre pratique et d&rsquo;\u00eatre \u00e0 l&rsquo;aise dans vos d\u00e9placements ! <\/div><p>\u00a0<\/p><p>L\u2019\u00e9cole de v\u00e9lo est destin\u00e9e aussi bien aux adultes qui n\u2019ont jamais fait de v\u00e9lo, qu&rsquo;\u00e0 des personnes qui ne se sentent pas suffisamment \u00e0 l\u2019aise dans la circulation.<\/p>\t\t\t\t\t\t\t\t<\/div>\n\t\t\t\t<\/div>\n\t\t\t\t\t<\/div>\n\t\t<\/div>\n\t\t\t\t\t<\/div>\n\t\t<\/section>\n\t\t\t\t<section class=\"elementor-section elementor-top-section elementor-element elementor-element-a6e2ab5 elementor-section-boxed elementor-section-height-default elementor-section-height-default\" data-id=\"a6e2ab5\" data-element_type=\"section\" data-e-type=\"section\">\n\t\t\t\t\t\t<div class=\"elementor-container elementor-column-gap-default\">\n\t\t\t\t\t<div class=\"elementor-column elementor-col-100 elementor-top-column elementor-element elementor-element-3e3b3c3\" data-id=\"3e3b3c3\" data-element_type=\"column\" data-e-type=\"column\">\n\t\t\t<div class=\"elementor-widget-wrap elementor-element-populated\">\n\t\t\t\t\t\t<div class=\"elementor-element elementor-element-4d29157 elementor-widget elementor-widget-heading\" data-id=\"4d29157\" data-element_type=\"widget\" data-e-type=\"widget\" data-widget_type=\"heading.default\">\n\t\t\t\t<div class=\"elementor-widget-container\">\n\t\t\t\t\t<h4 class=\"elementor-heading-title elementor-size-default\">Planning de l'\u00e9cole de v\u00e9lo<\/h4>\t\t\t\t<\/div>\n\t\t\t\t<\/div>\n\t\t\t\t<div class=\"elementor-element elementor-element-7c641de elementor-widget elementor-widget-image-gallery\" data-id=\"7c641de\" data-element_type=\"widget\" data-e-type=\"widget\" data-widget_type=\"image-gallery.default\">\n\t\t\t\t<div class=\"elementor-widget-container\">\n\t\t\t\t\t\t\t<div class=\"elementor-image-gallery\">\n\t\t\t<div id='gallery-1' class='gallery galleryid-102 gallery-columns-3 gallery-size-thumbnail'><figure class='gallery-item'>\n\t\t\t<div class='gallery-icon portrait'>\n\t\t\t\t<a data-elementor-open-lightbox=\"yes\" data-elementor-lightbox-slideshow=\"7c641de\" data-elementor-lightbox-title=\"Image from iOS (2)\" data-e-action-hash=\"#elementor-action%3Aaction%3Dlightbox%26settings%3DeyJpZCI6MTgyNSwidXJsIjoiaHR0cHM6XC9cL3d3dy5tZXR6YXZlbG8uZnJcL3dwLWNvbnRlbnRcL3VwbG9hZHNcLzIwMjFcLzAyXC9JbWFnZS1mcm9tLWlPUy0yLXNjYWxlZC5qcGciLCJzbGlkZXNob3ciOiI3YzY0MWRlIn0%3D\" href='https:\/\/www.metzavelo.fr\/wp-content\/uploads\/2021\/02\/Image-from-iOS-2-scaled.jpg'><img decoding=\"async\" width=\"150\" height=\"150\" src=\"https:\/\/www.metzavelo.fr\/wp-content\/uploads\/2021\/02\/Image-from-iOS-2-150x150.jpg\" class=\"attachment-thumbnail size-thumbnail\" alt=\"\" srcset=\"https:\/\/www.metzavelo.fr\/wp-content\/uploads\/2021\/02\/Image-from-iOS-2-150x150.jpg 150w, https:\/\/www.metzavelo.fr\/wp-content\/uploads\/2021\/02\/Image-from-iOS-2-70x70.jpg 70w, https:\/\/www.metzavelo.fr\/wp-content\/uploads\/2021\/02\/Image-from-iOS-2-127x127.jpg 127w, https:\/\/www.metzavelo.fr\/wp-content\/uploads\/2021\/02\/Image-from-iOS-2-476x476.jpg 476w, https:\/\/www.metzavelo.fr\/wp-content\/uploads\/2021\/02\/Image-from-iOS-2-125x125.jpg 125w\" sizes=\"(max-width: 150px) 100vw, 150px\" \/><\/a>\n\t\t\t<\/div><\/figure><figure class='gallery-item'>\n\t\t\t<div class='gallery-icon landscape'>\n\t\t\t\t<a data-elementor-open-lightbox=\"yes\" data-elementor-lightbox-slideshow=\"7c641de\" data-elementor-lightbox-title=\"20200822_114315\" data-e-action-hash=\"#elementor-action%3Aaction%3Dlightbox%26settings%3DeyJpZCI6MTgyNCwidXJsIjoiaHR0cHM6XC9cL3d3dy5tZXR6YXZlbG8uZnJcL3dwLWNvbnRlbnRcL3VwbG9hZHNcLzIwMjFcLzAyXC8yMDIwMDgyMl8xMTQzMTUtc2NhbGVkLmpwZyIsInNsaWRlc2hvdyI6IjdjNjQxZGUifQ%3D%3D\" href='https:\/\/www.metzavelo.fr\/wp-content\/uploads\/2021\/02\/20200822_114315-scaled.jpg'><img decoding=\"async\" width=\"150\" height=\"150\" src=\"https:\/\/www.metzavelo.fr\/wp-content\/uploads\/2021\/02\/20200822_114315-150x150.jpg\" class=\"attachment-thumbnail size-thumbnail\" alt=\"\" srcset=\"https:\/\/www.metzavelo.fr\/wp-content\/uploads\/2021\/02\/20200822_114315-150x150.jpg 150w, https:\/\/www.metzavelo.fr\/wp-content\/uploads\/2021\/02\/20200822_114315-70x70.jpg 70w, https:\/\/www.metzavelo.fr\/wp-content\/uploads\/2021\/02\/20200822_114315-127x127.jpg 127w, https:\/\/www.metzavelo.fr\/wp-content\/uploads\/2021\/02\/20200822_114315-476x476.jpg 476w, https:\/\/www.metzavelo.fr\/wp-content\/uploads\/2021\/02\/20200822_114315-125x125.jpg 125w\" sizes=\"(max-width: 150px) 100vw, 150px\" \/><\/a>\n\t\t\t<\/div><\/figure><figure class='gallery-item'>\n\t\t\t<div class='gallery-icon landscape'>\n\t\t\t\t<a data-elementor-open-lightbox=\"yes\" data-elementor-lightbox-slideshow=\"7c641de\" data-elementor-lightbox-title=\"2014-11-08_122235\" data-e-action-hash=\"#elementor-action%3Aaction%3Dlightbox%26settings%3DeyJpZCI6MTI3NCwidXJsIjoiaHR0cHM6XC9cL3d3dy5tZXR6YXZlbG8uZnJcL3dwLWNvbnRlbnRcL3VwbG9hZHNcLzIwMjBcLzA4XC8yMDE0LTExLTA4XzEyMjIzNS5qcGciLCJzbGlkZXNob3ciOiI3YzY0MWRlIn0%3D\" href='https:\/\/www.metzavelo.fr\/wp-content\/uploads\/2020\/08\/2014-11-08_122235.jpg'><img loading=\"lazy\" decoding=\"async\" width=\"150\" height=\"150\" src=\"https:\/\/www.metzavelo.fr\/wp-content\/uploads\/2020\/08\/2014-11-08_122235-150x150.jpg\" class=\"attachment-thumbnail size-thumbnail\" alt=\"\" srcset=\"https:\/\/www.metzavelo.fr\/wp-content\/uploads\/2020\/08\/2014-11-08_122235-150x150.jpg 150w, https:\/\/www.metzavelo.fr\/wp-content\/uploads\/2020\/08\/2014-11-08_122235-70x70.jpg 70w, https:\/\/www.metzavelo.fr\/wp-content\/uploads\/2020\/08\/2014-11-08_122235-127x127.jpg 127w, https:\/\/www.metzavelo.fr\/wp-content\/uploads\/2020\/08\/2014-11-08_122235-476x476.jpg 476w, https:\/\/www.metzavelo.fr\/wp-content\/uploads\/2020\/08\/2014-11-08_122235-125x125.jpg 125w\" sizes=\"(max-width: 150px) 100vw, 150px\" \/><\/a>\n\t\t\t<\/div><\/figure>\n\t\t<\/div>\n\t\t<\/div>\n\t\t\t\t\t\t<\/div>\n\t\t\t\t<\/div>\n\t\t\t\t<div class=\"elementor-element elementor-element-e92ca86 elementor-widget elementor-widget-text-editor\" data-id=\"e92ca86\" data-element_type=\"widget\" data-e-type=\"widget\" data-widget_type=\"text-editor.default\">\n\t\t\t\t<div class=\"elementor-widget-container\">\n\t\t\t\t\t\t\t\t\t<p><b>Lundi <\/b>14h \u00e0 15h : cours niveau 1 et 2 \u00a0 \u00a0 \u00a0 \u00a0 \u00a0\u00a0 \u00a0 15h30 \u00e0 16h30 : cours niveau 3<\/p><p><strong>Mercredi<\/strong>\u00a0 9h \u00e0 10h : cours niveau 1 et 2 \u00a0\u00a0\u00a0\u00a0\u00a0\u00a0\u00a0\u00a0 10h30 \u00e0 11h30 : cours niveau 3<\/p><p><strong>Samedi <\/strong>9h30 \u00e0 10h30 : cours niveau 1 et 2\u00a0 \u00a0\u00a0 11h \u00e0 12h : cours niveau 3<\/p><p>Horaires communiqu\u00e9s \u00e0 titre indicatif, susceptibles d&rsquo;\u00eatre modifi\u00e9s<\/p><p><strong>Lieu de rendez-vous : <\/strong>Maison du V\u00e9lo, 3 avenue Leclerc de Hauteclocque \u00e0 Metz<\/p><p><strong>Tarifs et inscription<br \/><\/strong><\/p><p>10\u20ac la s\u00e9ance en groupe<\/p><p>15\u20ac la s\u00e9ance en individuel<br \/>L&rsquo;adh\u00e9sion \u00e0 l&rsquo;association est n\u00e9cessaire (voir <a href=\"https:\/\/www.metzavelo.fr\/devenir-adherent\/\">ici<\/a>)<\/p><p>Pour vous inscrire aux cours : <a href=\"mailto:cedric.manceau@sfr.fr\">cedric.manceau@sfr.fr<\/a><\/p><div><p><b>Informations pratiques <\/b><\/p><\/div><ul data-stringify-type=\"unordered-list\" data-indent=\"0\"><li>Les v\u00e9los sont mis \u00e0 disposition par l&rsquo;association<\/li><li>Le port du casque est fortement conseill\u00e9<\/li><li>Pr\u00e9voir une tenue confortable pour \u00eatre \u00e0 l&rsquo;aise dans les mouvements<\/li><li>Venir en chaussures ferm\u00e9es, indispensable pour prot\u00e9ger le pied.<br \/>Nous recommandons des baskets ou chaussures souples avec semelles plates.<\/li><\/ul><h6><em><strong>\u00a0<\/strong><\/em><\/h6>\t\t\t\t\t\t\t\t<\/div>\n\t\t\t\t<\/div>\n\t\t\t\t\t<\/div>\n\t\t<\/div>\n\t\t\t\t\t<\/div>\n\t\t<\/section>\n\t\t\t\t<section class=\"elementor-section elementor-top-section elementor-element elementor-element-6aac3e7 elementor-section-boxed elementor-section-height-default elementor-section-height-default\" data-id=\"6aac3e7\" data-element_type=\"section\" data-e-type=\"section\">\n\t\t\t\t\t\t<div class=\"elementor-container elementor-column-gap-default\">\n\t\t\t\t\t<div class=\"elementor-column elementor-col-100 elementor-top-column elementor-element elementor-element-e83e3cd\" data-id=\"e83e3cd\" data-element_type=\"column\" data-e-type=\"column\">\n\t\t\t<div class=\"elementor-widget-wrap elementor-element-populated\">\n\t\t\t\t\t\t<div class=\"elementor-element elementor-element-498a1ca elementor-widget elementor-widget-heading\" data-id=\"498a1ca\" data-element_type=\"widget\" data-e-type=\"widget\" data-widget_type=\"heading.default\">\n\t\t\t\t<div class=\"elementor-widget-container\">\n\t\t\t\t\t<h4 class=\"elementor-heading-title elementor-size-default\">Programme des 3 niveaux <\/h4>\t\t\t\t<\/div>\n\t\t\t\t<\/div>\n\t\t\t\t<div class=\"elementor-element elementor-element-c1beaa4 elementor-widget elementor-widget-text-editor\" data-id=\"c1beaa4\" data-element_type=\"widget\" data-e-type=\"widget\" data-widget_type=\"text-editor.default\">\n\t\t\t\t<div class=\"elementor-widget-container\">\n\t\t\t\t\t\t\t\t\t<p><span style=\"color: #00ccff;\"><strong>Niveau 1 :<\/strong><\/span> Pour les personnes qui n\u2019ont jamais fait de v\u00e9lo. Les cours se d\u00e9roulent dans une zone hors circulation.<\/p><p>Programme :<\/p><ul><li>Apprentissage de l\u2019\u00e9quilibre, du freinage, du d\u00e9marrage.<\/li><li>Apprendre \u00e0 p\u00e9daler, savoir prendre des virages.<\/li><\/ul>\t\t\t\t\t\t\t\t<\/div>\n\t\t\t\t<\/div>\n\t\t\t\t\t<\/div>\n\t\t<\/div>\n\t\t\t\t\t<\/div>\n\t\t<\/section>\n\t\t\t\t<section class=\"elementor-section elementor-top-section elementor-element elementor-element-3e8085b elementor-section-boxed elementor-section-height-default elementor-section-height-default\" data-id=\"3e8085b\" data-element_type=\"section\" data-e-type=\"section\">\n\t\t\t\t\t\t<div class=\"elementor-container elementor-column-gap-default\">\n\t\t\t\t\t<div class=\"elementor-column elementor-col-100 elementor-top-column elementor-element elementor-element-e5089d0\" data-id=\"e5089d0\" data-element_type=\"column\" data-e-type=\"column\">\n\t\t\t<div class=\"elementor-widget-wrap elementor-element-populated\">\n\t\t\t\t\t\t<div class=\"elementor-element elementor-element-d43a5e4 elementor-widget elementor-widget-text-editor\" data-id=\"d43a5e4\" data-element_type=\"widget\" data-e-type=\"widget\" data-widget_type=\"text-editor.default\">\n\t\t\t\t<div class=\"elementor-widget-container\">\n\t\t\t\t\t\t\t\t\t<p><span style=\"color: #00ccff;\"><strong>Niveau 2 :<\/strong><\/span> Pour se remettre en selle, pour ceux qui ont fait du v\u00e9lo il y a longtemps. Les cours se d\u00e9roulent en espaces s\u00e9curis\u00e9s (pistes cyclables).<\/p><p>Programme :<\/p><ul><li>Acqu\u00e9rir une meilleure ma\u00eetrise de son v\u00e9lo : exercices de maniabilit\u00e9, passage des vitesses&#8230;<\/li><li>Ma\u00eetriser sa trajectoire, le relief (descentes et mont\u00e9es).<\/li><li>Se pr\u00e9parer \u00e0 l&rsquo;insertion dans la circulation : tendre le bras, regarder de c\u00f4t\u00e9 puis derri\u00e8re sans d\u00e9vier sa trajectoire, &#8230;<\/li><\/ul>\t\t\t\t\t\t\t\t<\/div>\n\t\t\t\t<\/div>\n\t\t\t\t\t<\/div>\n\t\t<\/div>\n\t\t\t\t\t<\/div>\n\t\t<\/section>\n\t\t\t\t<section class=\"elementor-section elementor-top-section elementor-element elementor-element-3457200 elementor-section-boxed elementor-section-height-default elementor-section-height-default\" data-id=\"3457200\" data-element_type=\"section\" data-e-type=\"section\">\n\t\t\t\t\t\t<div class=\"elementor-container elementor-column-gap-default\">\n\t\t\t\t\t<div class=\"elementor-column elementor-col-100 elementor-top-column elementor-element elementor-element-c7efd9f\" data-id=\"c7efd9f\" data-element_type=\"column\" data-e-type=\"column\">\n\t\t\t<div class=\"elementor-widget-wrap elementor-element-populated\">\n\t\t\t\t\t\t<div class=\"elementor-element elementor-element-997ad2c elementor-widget elementor-widget-text-editor\" data-id=\"997ad2c\" data-element_type=\"widget\" data-e-type=\"widget\" data-widget_type=\"text-editor.default\">\n\t\t\t\t<div class=\"elementor-widget-container\">\n\t\t\t\t\t\t\t\t\t<p><span style=\"color: #00ccff;\"><b>Niveau 3 : <\/b><\/span>Pour savoir s&rsquo;ins\u00e9rer dans la circulation. Un apprentissage progressif sur des am\u00e9nagements cyclables (pistes, bandes) et dans des rues tranquilles.<\/p><p>Programme :<\/p><ul><li>Savoir aborder des passages d\u00e9licats.<\/li><li>Savoir se positionner sur la chauss\u00e9e, aux intersections<\/li><li>Balade sur des pistes cyclables larges puis dans les rues.<\/li><\/ul>\t\t\t\t\t\t\t\t<\/div>\n\t\t\t\t<\/div>\n\t\t\t\t\t<\/div>\n\t\t<\/div>\n\t\t\t\t\t<\/div>\n\t\t<\/section>\n\t\t\t\t<section class=\"elementor-section elementor-top-section elementor-element elementor-element-9e686f3 elementor-section-boxed elementor-section-height-default elementor-section-height-default\" data-id=\"9e686f3\" data-element_type=\"section\" data-e-type=\"section\">\n\t\t\t\t\t\t<div class=\"elementor-container elementor-column-gap-default\">\n\t\t\t\t\t<div class=\"elementor-column elementor-col-100 elementor-top-column elementor-element elementor-element-b53c452\" data-id=\"b53c452\" data-element_type=\"column\" data-e-type=\"column\">\n\t\t\t<div class=\"elementor-widget-wrap elementor-element-populated\">\n\t\t\t\t\t\t<div class=\"elementor-element elementor-element-78327a8 elementor-widget elementor-widget-text-editor\" data-id=\"78327a8\" data-element_type=\"widget\" data-e-type=\"widget\" data-widget_type=\"text-editor.default\">\n\t\t\t\t<div class=\"elementor-widget-container\">\n\t\t\t\t\t\t\t\t\t<h4><strong>Autres formations sur demande<br \/><\/strong><\/h4><p>Nous proposons sur demande, toute forme de formation au v\u00e9lo pour des collectivit\u00e9s, des entreprises ou des particuliers.<\/p>\t\t\t\t\t\t\t\t<\/div>\n\t\t\t\t<\/div>\n\t\t\t\t\t<\/div>\n\t\t<\/div>\n\t\t\t\t\t<\/div>\n\t\t<\/section>\n\t\t\t\t<\/div>\n\t\t","protected":false},"excerpt":{"rendered":"<p>Apprenez le v\u00e9lo ou remettez vous en selle en s\u00e9curit\u00e9 avec Metz \u00e0 V\u00e9lo ! Une \u00e9quipe form\u00e9e \u00ab\u00a0Initiateur Mobilit\u00e9 V\u00e9lo\u00a0\u00bb vous accompagnera selon trois niveaux diff\u00e9rents pour vous permettre d&rsquo;\u00e9voluer dans votre pratique et d&rsquo;\u00eatre \u00e0 l&rsquo;aise dans vos d\u00e9placements ! \u00a0 L\u2019\u00e9cole de v\u00e9lo est destin\u00e9e aussi bien aux adultes qui n\u2019ont jamais [&hellip;]<\/p>\n","protected":false},"author":3,"featured_media":0,"parent":129,"menu_order":3,"comment_status":"closed","ping_status":"closed","template":"","meta":{"footnotes":""},"class_list":["post-102","page","type-page","status-publish","hentry"],"_links":{"self":[{"href":"https:\/\/www.metzavelo.fr\/index.php?rest_route=\/wp\/v2\/pages\/102","targetHints":{"allow":["GET"]}}],"collection":[{"href":"https:\/\/www.metzavelo.fr\/index.php?rest_route=\/wp\/v2\/pages"}],"about":[{"href":"https:\/\/www.metzavelo.fr\/index.php?rest_route=\/wp\/v2\/types\/page"}],"author":[{"embeddable":true,"href":"https:\/\/www.metzavelo.fr\/index.php?rest_route=\/wp\/v2\/users\/3"}],"replies":[{"embeddable":true,"href":"https:\/\/www.metzavelo.fr\/index.php?rest_route=%2Fwp%2Fv2%2Fcomments&post=102"}],"version-history":[{"count":73,"href":"https:\/\/www.metzavelo.fr\/index.php?rest_route=\/wp\/v2\/pages\/102\/revisions"}],"predecessor-version":[{"id":4455,"href":"https:\/\/www.metzavelo.fr\/index.php?rest_route=\/wp\/v2\/pages\/102\/revisions\/4455"}],"up":[{"embeddable":true,"href":"https:\/\/www.metzavelo.fr\/index.php?rest_route=\/wp\/v2\/pages\/129"}],"wp:attachment":[{"href":"https:\/\/www.metzavelo.fr\/index.php?rest_route=%2Fwp%2Fv2%2Fmedia&parent=102"}],"curies":[{"name":"wp","href":"https:\/\/api.w.org\/{rel}","templated":true}]}}